{"id":6285,"date":"2019-11-27T11:20:42","date_gmt":"2019-11-27T11:20:42","guid":{"rendered":"http:\/\/consulting.stylemixthemes.com\/demo\/?page_id=6285"},"modified":"2019-11-27T11:20:42","modified_gmt":"2019-11-27T11:20:42","slug":"news-list","status":"publish","type":"page","link":"https:\/\/www.amchambaq.com\/en\/news-list\/","title":{"rendered":"News list"},"content":{"rendered":"<div class=\"wpb-content-wrapper\"><div class=\"vc_row wpb_row vc_row-fluid\"><div class=\"wpb_column vc_column_container vc_col-sm-8\"><div class=\"vc_column-inner\"><div class=\"wpb_wrapper\">\n\n    <div class=\"stm_news\">\n        <ul class=\"news_list posts_per_row_4\">\n\n                                                <li class=\"view_style_3\">\n    <div class=\"post_item\">\n                    <a href=\"https:\/\/www.amchambaq.com\/en\/60-lideres-llegan-a-uninorte-este-30-de-abril\/\" class=\"image\">\n                <img decoding=\"async\" class=\"\" src=\"https:\/\/www.amchambaq.com\/wp-content\/uploads\/2026\/04\/60-lideres-uninorte-260x170.png\" width=\"260\" height=\"170\" alt=\"60 lideres uninorte\" title=\"60 lideres uninorte\" loading=\"lazy\" \/>            <\/a>\n                <div class=\"content\">\n            <a href=\"https:\/\/www.amchambaq.com\/en\/60-lideres-llegan-a-uninorte-este-30-de-abril\/\" class=\"title base_font_color\">\n                <h5 class=\"secondary_font_color_hv\">60 l\u00edderes llegan a Uninorte este 30 de abril<\/h5>\n            <\/a>\n            <div class=\"description\">\n                            <\/div>\n            <a href=\"https:\/\/www.amchambaq.com\/en\/60-lideres-llegan-a-uninorte-este-30-de-abril\/\" class=\"read_more\">\n                <i class=\"stm-lnr-arrow-right third_bg_color base_bg_color_hv\"><\/i>\n                <span>\n                Read more                <\/span>\n            <\/a>\n        <\/div>\n    <\/div>\n<\/li>                                                    <li class=\"view_style_3\">\n    <div class=\"post_item\">\n                    <a href=\"https:\/\/www.amchambaq.com\/en\/indicadores-economicos-y-decision-de-la-fed-marcaran-la-agenda-de-estados-unidos-esta-semana\/\" class=\"image\">\n                <img decoding=\"async\" class=\"\" src=\"https:\/\/www.amchambaq.com\/wp-content\/uploads\/2025\/12\/20241007-steinberg-politica-economica-eeuu-tras-las-elecciones-260x170.jpg\" width=\"260\" height=\"170\" alt=\"20241007-steinberg-politica-economica-eeuu-tras-las-elecciones\" title=\"20241007-steinberg-politica-economica-eeuu-tras-las-elecciones\" loading=\"lazy\" \/>            <\/a>\n                <div class=\"content\">\n            <a href=\"https:\/\/www.amchambaq.com\/en\/indicadores-economicos-y-decision-de-la-fed-marcaran-la-agenda-de-estados-unidos-esta-semana\/\" class=\"title base_font_color\">\n                <h5 class=\"secondary_font_color_hv\">Indicadores econ\u00f3micos y decisi\u00f3n de la FED marcar\u00e1n la agenda de Estados Unidos esta semana<\/h5>\n            <\/a>\n            <div class=\"description\">\n                            <\/div>\n            <a href=\"https:\/\/www.amchambaq.com\/en\/indicadores-economicos-y-decision-de-la-fed-marcaran-la-agenda-de-estados-unidos-esta-semana\/\" class=\"read_more\">\n                <i class=\"stm-lnr-arrow-right third_bg_color base_bg_color_hv\"><\/i>\n                <span>\n                Read more                <\/span>\n            <\/a>\n        <\/div>\n    <\/div>\n<\/li>                                                    <li class=\"view_style_3\">\n    <div class=\"post_item\">\n                    <a href=\"https:\/\/www.amchambaq.com\/en\/estados-unidos-sera-observador-de-las-elecciones-presidenciales-el-31-de-mayo\/\" class=\"image\">\n                <img decoding=\"async\" class=\"\" src=\"https:\/\/www.amchambaq.com\/wp-content\/uploads\/2025\/12\/20241007-steinberg-politica-economica-eeuu-tras-las-elecciones-260x170.jpg\" width=\"260\" height=\"170\" alt=\"20241007-steinberg-politica-economica-eeuu-tras-las-elecciones\" title=\"20241007-steinberg-politica-economica-eeuu-tras-las-elecciones\" loading=\"lazy\" \/>            <\/a>\n                <div class=\"content\">\n            <a href=\"https:\/\/www.amchambaq.com\/en\/estados-unidos-sera-observador-de-las-elecciones-presidenciales-el-31-de-mayo\/\" class=\"title base_font_color\">\n                <h5 class=\"secondary_font_color_hv\">Estados Unidos ser\u00e1 observador de las elecciones presidenciales el 31 de mayo<\/h5>\n            <\/a>\n            <div class=\"description\">\n                            <\/div>\n            <a href=\"https:\/\/www.amchambaq.com\/en\/estados-unidos-sera-observador-de-las-elecciones-presidenciales-el-31-de-mayo\/\" class=\"read_more\">\n                <i class=\"stm-lnr-arrow-right third_bg_color base_bg_color_hv\"><\/i>\n                <span>\n                Read more                <\/span>\n            <\/a>\n        <\/div>\n    <\/div>\n<\/li>                                                    <li class=\"view_style_3\">\n    <div class=\"post_item\">\n                    <a href=\"https:\/\/www.amchambaq.com\/en\/estados-unidos-levanto-sanciones-al-banco-central-de-venezuela\/\" class=\"image\">\n                <img decoding=\"async\" class=\"\" src=\"https:\/\/www.amchambaq.com\/wp-content\/uploads\/2026\/04\/banco-central-de-Venezuela-260x170.jpg\" width=\"260\" height=\"170\" alt=\"banco-central-de-Venezuela\" title=\"banco-central-de-Venezuela\" loading=\"lazy\" \/>            <\/a>\n                <div class=\"content\">\n            <a href=\"https:\/\/www.amchambaq.com\/en\/estados-unidos-levanto-sanciones-al-banco-central-de-venezuela\/\" class=\"title base_font_color\">\n                <h5 class=\"secondary_font_color_hv\">Estados Unidos levant\u00f3 sanciones al Banco Central de Venezuela<\/h5>\n            <\/a>\n            <div class=\"description\">\n                            <\/div>\n            <a href=\"https:\/\/www.amchambaq.com\/en\/estados-unidos-levanto-sanciones-al-banco-central-de-venezuela\/\" class=\"read_more\">\n                <i class=\"stm-lnr-arrow-right third_bg_color base_bg_color_hv\"><\/i>\n                <span>\n                Read more                <\/span>\n            <\/a>\n        <\/div>\n    <\/div>\n<\/li>                                                    <li class=\"view_style_3\">\n    <div class=\"post_item\">\n                    <a href=\"https:\/\/www.amchambaq.com\/en\/gobierno-de-estados-unidos-dice-estar-preocupado-por-amenazas-a-candidatos-presidenciales-colombianos\/\" class=\"image\">\n                <img decoding=\"async\" class=\"\" src=\"https:\/\/www.amchambaq.com\/wp-content\/uploads\/2025\/10\/Diseno-sin-titulo-4-260x170.jpg\" width=\"260\" height=\"170\" alt=\"Diseno-sin-titulo-4\" title=\"Diseno-sin-titulo-4\" loading=\"lazy\" \/>            <\/a>\n                <div class=\"content\">\n            <a href=\"https:\/\/www.amchambaq.com\/en\/gobierno-de-estados-unidos-dice-estar-preocupado-por-amenazas-a-candidatos-presidenciales-colombianos\/\" class=\"title base_font_color\">\n                <h5 class=\"secondary_font_color_hv\">Gobierno de Estados Unidos dice estar \u201cpreocupado\u201d por amenazas a candidatos presidenciales colombianos<\/h5>\n            <\/a>\n            <div class=\"description\">\n                            <\/div>\n            <a href=\"https:\/\/www.amchambaq.com\/en\/gobierno-de-estados-unidos-dice-estar-preocupado-por-amenazas-a-candidatos-presidenciales-colombianos\/\" class=\"read_more\">\n                <i class=\"stm-lnr-arrow-right third_bg_color base_bg_color_hv\"><\/i>\n                <span>\n                Read more                <\/span>\n            <\/a>\n        <\/div>\n    <\/div>\n<\/li>                                                    <li class=\"view_style_3\">\n    <div class=\"post_item\">\n                    <a href=\"https:\/\/www.amchambaq.com\/en\/el-dolar-abre-en-3-630-tras-revelarse-los-datos-de-inflacion-en-colombia-y-ee-uu\/\" class=\"image\">\n                <img decoding=\"async\" class=\"\" src=\"https:\/\/www.amchambaq.com\/wp-content\/uploads\/2026\/01\/tipos-de-economia-260x170.jpg\" width=\"260\" height=\"170\" alt=\"tipos-de-economia\" title=\"tipos-de-economia\" loading=\"lazy\" \/>            <\/a>\n                <div class=\"content\">\n            <a href=\"https:\/\/www.amchambaq.com\/en\/el-dolar-abre-en-3-630-tras-revelarse-los-datos-de-inflacion-en-colombia-y-ee-uu\/\" class=\"title base_font_color\">\n                <h5 class=\"secondary_font_color_hv\">El d\u00f3lar abre en $3.630 tras revelarse los datos de inflaci\u00f3n en Colombia y EE. UU.<\/h5>\n            <\/a>\n            <div class=\"description\">\n                            <\/div>\n            <a href=\"https:\/\/www.amchambaq.com\/en\/el-dolar-abre-en-3-630-tras-revelarse-los-datos-de-inflacion-en-colombia-y-ee-uu\/\" class=\"read_more\">\n                <i class=\"stm-lnr-arrow-right third_bg_color base_bg_color_hv\"><\/i>\n                <span>\n                Read more                <\/span>\n            <\/a>\n        <\/div>\n    <\/div>\n<\/li>                                                    <li class=\"view_style_3\">\n    <div class=\"post_item\">\n                    <a href=\"https:\/\/www.amchambaq.com\/en\/mas-de-2-000-productos-colombianos-podrian-acceder-al-mercado-de-estados-unidos-tras-el-aumento-de-aranceles-en-ecuador\/\" class=\"image\">\n                <img decoding=\"async\" class=\"\" src=\"https:\/\/www.amchambaq.com\/wp-content\/uploads\/2025\/09\/arancel-usa-260x170.png\" width=\"260\" height=\"170\" alt=\"arancel usa\" title=\"arancel usa\" loading=\"lazy\" \/>            <\/a>\n                <div class=\"content\">\n            <a href=\"https:\/\/www.amchambaq.com\/en\/mas-de-2-000-productos-colombianos-podrian-acceder-al-mercado-de-estados-unidos-tras-el-aumento-de-aranceles-en-ecuador\/\" class=\"title base_font_color\">\n                <h5 class=\"secondary_font_color_hv\">M\u00e1s de 2.000 productos colombianos podr\u00edan acceder al mercado de Estados Unidos tras el aumento de aranceles en Ecuador<\/h5>\n            <\/a>\n            <div class=\"description\">\n                            <\/div>\n            <a href=\"https:\/\/www.amchambaq.com\/en\/mas-de-2-000-productos-colombianos-podrian-acceder-al-mercado-de-estados-unidos-tras-el-aumento-de-aranceles-en-ecuador\/\" class=\"read_more\">\n                <i class=\"stm-lnr-arrow-right third_bg_color base_bg_color_hv\"><\/i>\n                <span>\n                Read more                <\/span>\n            <\/a>\n        <\/div>\n    <\/div>\n<\/li>                                                    <li class=\"view_style_3\">\n    <div class=\"post_item\">\n                    <a href=\"https:\/\/www.amchambaq.com\/en\/exportaciones-a-ee-uu-crecen-con-fuerza-pero-caida-de-inversion-enciende-alerta-sobre-confianza-en-colombia\/\" class=\"image\">\n                <img decoding=\"async\" class=\"\" src=\"https:\/\/www.amchambaq.com\/wp-content\/uploads\/2026\/04\/tlc_col_usa_anif_ini-260x170.jpg\" width=\"260\" height=\"170\" alt=\"tlc_col_usa_anif_ini\" title=\"tlc_col_usa_anif_ini\" loading=\"lazy\" \/>            <\/a>\n                <div class=\"content\">\n            <a href=\"https:\/\/www.amchambaq.com\/en\/exportaciones-a-ee-uu-crecen-con-fuerza-pero-caida-de-inversion-enciende-alerta-sobre-confianza-en-colombia\/\" class=\"title base_font_color\">\n                <h5 class=\"secondary_font_color_hv\">Exportaciones a EE. UU. crecen con fuerza, pero ca\u00edda de inversi\u00f3n enciende alerta sobre confianza en Colombia<\/h5>\n            <\/a>\n            <div class=\"description\">\n                            <\/div>\n            <a href=\"https:\/\/www.amchambaq.com\/en\/exportaciones-a-ee-uu-crecen-con-fuerza-pero-caida-de-inversion-enciende-alerta-sobre-confianza-en-colombia\/\" class=\"read_more\">\n                <i class=\"stm-lnr-arrow-right third_bg_color base_bg_color_hv\"><\/i>\n                <span>\n                Read more                <\/span>\n            <\/a>\n        <\/div>\n    <\/div>\n<\/li>                                                    <li class=\"view_style_3\">\n    <div class=\"post_item\">\n                    <a href=\"https:\/\/www.amchambaq.com\/en\/newsflash-marzo-2026\/\" class=\"image\">\n                <img decoding=\"async\" class=\"\" src=\"https:\/\/www.amchambaq.com\/wp-content\/uploads\/2026\/04\/Newsflash-Marzo-2026-260x170.jpg\" width=\"260\" height=\"170\" alt=\"Newsflash Marzo 2026\" title=\"Newsflash Marzo 2026\" loading=\"lazy\" \/>            <\/a>\n                <div class=\"content\">\n            <a href=\"https:\/\/www.amchambaq.com\/en\/newsflash-marzo-2026\/\" class=\"title base_font_color\">\n                <h5 class=\"secondary_font_color_hv\">Newsflash Marzo 2026<\/h5>\n            <\/a>\n            <div class=\"description\">\n                            <\/div>\n            <a href=\"https:\/\/www.amchambaq.com\/en\/newsflash-marzo-2026\/\" class=\"read_more\">\n                <i class=\"stm-lnr-arrow-right third_bg_color base_bg_color_hv\"><\/i>\n                <span>\n                Read more                <\/span>\n            <\/a>\n        <\/div>\n    <\/div>\n<\/li>                                                    <li class=\"view_style_3\">\n    <div class=\"post_item\">\n                    <a href=\"https:\/\/www.amchambaq.com\/en\/4-formas-en-las-que-la-guerra-de-aranceles-iniciada-por-trump-hace-un-ano-ha-impactado-en-la-economia-global\/\" class=\"image\">\n                <img decoding=\"async\" class=\"\" src=\"https:\/\/www.amchambaq.com\/wp-content\/uploads\/2025\/12\/20241007-steinberg-politica-economica-eeuu-tras-las-elecciones-260x170.jpg\" width=\"260\" height=\"170\" alt=\"20241007-steinberg-politica-economica-eeuu-tras-las-elecciones\" title=\"20241007-steinberg-politica-economica-eeuu-tras-las-elecciones\" loading=\"lazy\" \/>            <\/a>\n                <div class=\"content\">\n            <a href=\"https:\/\/www.amchambaq.com\/en\/4-formas-en-las-que-la-guerra-de-aranceles-iniciada-por-trump-hace-un-ano-ha-impactado-en-la-economia-global\/\" class=\"title base_font_color\">\n                <h5 class=\"secondary_font_color_hv\">4 formas en las que la guerra de aranceles iniciada por Trump hace un a\u00f1o ha impactado en la econom\u00eda global<\/h5>\n            <\/a>\n            <div class=\"description\">\n                            <\/div>\n            <a href=\"https:\/\/www.amchambaq.com\/en\/4-formas-en-las-que-la-guerra-de-aranceles-iniciada-por-trump-hace-un-ano-ha-impactado-en-la-economia-global\/\" class=\"read_more\">\n                <i class=\"stm-lnr-arrow-right third_bg_color base_bg_color_hv\"><\/i>\n                <span>\n                Read more                <\/span>\n            <\/a>\n        <\/div>\n    <\/div>\n<\/li>                        <\/ul>\n    <\/div>\n\n<\/div><\/div><\/div><div class=\"wpb_column vc_column_container vc_col-sm-4\"><div class=\"vc_column-inner\"><div class=\"wpb_wrapper\">\n<div class=\"stm_sidebar\">\n\n            <style type=\"text\/css\" scoped>\n            .vc_custom_1451998133493{margin-bottom: 30px !important;}.vc_custom_1452056597103{margin-right: 0px !important;margin-bottom: 30px !important;margin-left: 0px !important;}.vc_custom_1452056633692{padding-top: 37px !important;padding-right: 30px !important;padding-bottom: 40px !important;padding-left: 30px !important;}.vc_custom_1540890386302{margin-bottom: 9px !important;}.vc_custom_1540888823055{margin-bottom: 17px !important;}        <\/style>\n        <div class=\"wpb-content-wrapper\"><div class=\"vc_row wpb_row vc_row-fluid vc_custom_1451998133493\"><div class=\"wpb_column vc_column_container vc_col-sm-12\"><div class=\"vc_column-inner\"><div class=\"wpb_wrapper\"><div class=\"vc_wp_custommenu wpb_content_element mb-30\"><\/div><div class=\"vc_btn3-container vc_btn3-left vc_do_btn\" ><button class=\"vc_general vc_btn3 vc_btn3-size-lg vc_btn3-shape-rounded vc_btn3-style-flat vc_btn3-block vc_btn3-icon-left vc_btn3-color-theme_style_1\"><i class=\"vc_btn3-icon fa fa-file-pdf-o\"><\/i> Company presentation<\/button><\/div><\/div><\/div><\/div><\/div><div class=\"vc_row wpb_row vc_row-fluid third_bg_color vc_custom_1452056597103\"><div class=\"wpb_column vc_column_container vc_col-sm-12\"><div class=\"vc_column-inner vc_custom_1452056633692\"><div class=\"wpb_wrapper\"><div class=\"vc_custom_heading vc_custom_1540890386302 text_align_left\" ><div style=\"font-size: 16px;color: #002e5b;text-align: left;font-family:Poppins;font-weight:600;font-style:normal\" class=\"consulting-custom-title\">how can we help you?<\/div><\/div>\n\t<div class=\"wpb_text_column wpb_content_element vc_custom_1540888823055\" >\n\t\t<div class=\"wpb_wrapper\">\n\t\t\t<p><span style=\"font-size: 13px; line-height: 22px; color: #002e5b;\">Contact us at the Consulting WP office nearest to you or submit a business inquiry online.<\/span><\/p>\n\n\t\t<\/div>\n\t<\/div>\n<div class=\"vc_btn3-container vc_btn3-inline vc_do_btn\" ><button class=\"vc_general vc_btn3 vc_btn3-size-sm vc_btn3-shape-rounded vc_btn3-style-flat vc_btn3-icon-left vc_btn3-color-white\"><i class=\"vc_btn3-icon fa fa-phone-square\"><\/i> contacts<\/button><\/div><\/div><\/div><\/div><\/div><div class=\"vc_row wpb_row vc_row-fluid\"><div class=\"wpb_column vc_column_container vc_col-sm-12\"><div class=\"vc_column-inner\"><div class=\"wpb_wrapper\">\n\n            <div class=\"stm_testimonials cols_1 style_1\">\n                            <div class=\"item\">\n                    <div class=\"testimonial\"><p>Consulting theme is an invaluable partner. Our teams have collaborated to support the growing field of practitioners using collective impact.<\/p>\n<\/div>\n                    <div class=\"testimonial-info clearfix\">\n                        <div class=\"testimonial-image\"><img loading=\"lazy\" decoding=\"async\" width=\"50\" height=\"50\" src=\"https:\/\/www.amchambaq.com\/wp-content\/uploads\/2016\/06\/placeholder-50x50.gif\" class=\"attachment-consulting-image-50x50-croped size-consulting-image-50x50-croped wp-post-image\" alt=\"placeholder\" srcset=\"https:\/\/www.amchambaq.com\/wp-content\/uploads\/2016\/06\/placeholder-50x50.gif 50w, https:\/\/www.amchambaq.com\/wp-content\/uploads\/2016\/06\/placeholder-150x150.gif 150w, https:\/\/www.amchambaq.com\/wp-content\/uploads\/2016\/06\/placeholder-320x320.gif 320w, https:\/\/www.amchambaq.com\/wp-content\/uploads\/2016\/06\/placeholder-300x300.gif 300w, https:\/\/www.amchambaq.com\/wp-content\/uploads\/2016\/06\/placeholder-100x100.gif 100w\" sizes=\"auto, (max-width: 50px) 100vw, 50px\" \/><\/div>\n                        <div class=\"testimonial-text\">\n                            <div class=\"name\">Donald Simpson<\/div>\n                            <div class=\"company\">\n                                Chairman, Bluewater Corp                            <\/div>\n                        <\/div>\n                    <\/div>\n                <\/div>\n                    <\/div>\n    \n<\/div><\/div><\/div><\/div>\n<\/div>    \n<\/div><\/div><\/div><\/div><\/div>\n<\/div>","protected":false},"excerpt":{"rendered":"","protected":false},"author":1,"featured_media":0,"parent":0,"menu_order":0,"comment_status":"closed","ping_status":"closed","template":"","meta":{"footnotes":""},"class_list":["post-6285","page","type-page","status-publish","hentry"],"_links":{"self":[{"href":"https:\/\/www.amchambaq.com\/en\/wp-json\/wp\/v2\/pages\/6285","targetHints":{"allow":["GET"]}}],"collection":[{"href":"https:\/\/www.amchambaq.com\/en\/wp-json\/wp\/v2\/pages"}],"about":[{"href":"https:\/\/www.amchambaq.com\/en\/wp-json\/wp\/v2\/types\/page"}],"author":[{"embeddable":true,"href":"https:\/\/www.amchambaq.com\/en\/wp-json\/wp\/v2\/users\/1"}],"replies":[{"embeddable":true,"href":"https:\/\/www.amchambaq.com\/en\/wp-json\/wp\/v2\/comments?post=6285"}],"version-history":[{"count":0,"href":"https:\/\/www.amchambaq.com\/en\/wp-json\/wp\/v2\/pages\/6285\/revisions"}],"wp:attachment":[{"href":"https:\/\/www.amchambaq.com\/en\/wp-json\/wp\/v2\/media?parent=6285"}],"curies":[{"name":"wp","href":"https:\/\/api.w.org\/{rel}","templated":true}]}}